{"id":2220,"date":"2021-06-20T18:42:47","date_gmt":"2021-06-20T16:42:47","guid":{"rendered":"https:\/\/lescreationsde.celineinmyworldmedium.com\/?post_type=product&#038;p=2220"},"modified":"2024-10-11T20:19:56","modified_gmt":"2024-10-11T18:19:56","slug":"ambre-jaune","status":"publish","type":"product","link":"https:\/\/lescreationsde.celineinmyworldmedium.com\/index.php\/produit\/ambre-jaune\/","title":{"rendered":"Ambre jaune"},"content":{"rendered":"<p>Domaine <strong>spirituel<\/strong>, celui de l&rsquo;\u00eatre humain avec ses intentions, ses buts ou ses pr\u00e9occupations existentielles :<\/p>\n<p><strong>Insouciance.<\/strong><\/p>\n<p>Domaine de <strong>l&rsquo;\u00e2me<\/strong> ou du subconscient, ainsi que les notions de temp\u00e9rament, de sentiments, de sensations, de r\u00eaves, de v\u00e9cu sur le plan animique, d&rsquo;habitudes et de r\u00e9actions inconscientes :<\/p>\n<p><strong>Pour la gaiet\u00e9 et la confiance.<\/strong><\/p>\n<p>Domaine <strong>mental<\/strong> avec les id\u00e9es, la raison, les convictions, les consid\u00e9rations, ainsi que le mode de pens\u00e9e et d&rsquo;action consciente :<\/p>\n<p><strong>Renforce la confiance en soi.<\/strong><\/p>\n<p>Domaine <strong>physique<\/strong> ou corporel, l&rsquo;ensemble de l&rsquo;organisme avec les sens, les organes et les fonctions :<\/p>\n<p><strong>Bon pour l&rsquo;estomac, la rate, la v\u00e9sicule, le foie, les articulations, la peau, les muqueuses, les glandes et l&rsquo;intestin, facilite la pousse des dents chez les enfants, aide en cas d&rsquo;allergies, de rhumatismes et de diab\u00e8te.<\/strong><\/p>\n<ul>\n<li>Confiance en soi<\/li>\n<li>Bonheur<\/li>\n<li>1er chakra Racine<\/li>\n<li>2\u00e8me chakra Sacr\u00e9<\/li>\n<li>3\u00e8me chakra Plexus solaire<\/li>\n<\/ul>\n","protected":false},"excerpt":{"rendered":"<table>\n<tbody>\n<tr>\n<td style=\"texte-align: left; color: gray; border: none;\"><strong>Hors frais d&rsquo;exp\u00e9dition<\/strong><\/td>\n<\/tr>\n<tr>\n<td style=\"texte-align: left; color: gray; border: none;\"><strong>Bijoux confectionn\u00e9s sur-mesure, sur commande<br \/>Les couleurs et motifs des pierres varient d&rsquo;un bijou \u00e0 un autre<\/strong><\/td>\n<\/tr>\n<tr>\n<td style=\"texte-align: left; color: blue; border: none;\"><a style=\"color: #a15fe2;\" href=\"https:\/\/lescreationsde.celineinmyworldmedium.com\/index.php\/mesurer-son-tour-de-poignet-pour-bracelets\/\" target=\"_blank\" rel=\"noopener\"><strong>Comment mesurer son tour de poignet<\/strong><\/a><\/td>\n<\/tr>\n<tr>\n<td style=\"texte-align: left; color: green; border: none;\"><a href=\"https:\/\/lescreationsde.celineinmyworldmedium.com\/index.php\/categorie-produit\/catalogue\/accessoires\/separateurs\/\" target=\"_blank\" rel=\"noopener\"><strong>Choix des s\u00e9parateurs<\/strong><\/a><\/td>\n<\/tr>\n<tr>\n<td style=\"texte-align: left; color: green; border: none;\"><a href=\"https:\/\/lescreationsde.celineinmyworldmedium.com\/index.php\/categorie-produit\/catalogue\/accessoires\/belieres\/\" target=\"_blank\" rel=\"noopener\"><strong>Choix des b\u00e9li\u00e8res<\/strong><\/a><\/td>\n<\/tr>\n<tr>\n<td style=\"texte-align: left; color: green; border: none;\"><a href=\"https:\/\/lescreationsde.celineinmyworldmedium.com\/index.php\/categorie-produit\/catalogue\/accessoires\/pendentifs-fantaisie-petits\/\" target=\"_blank\" rel=\"noopener\"><strong>Choix des petits pendentifs<\/strong><\/a><\/td>\n<\/tr>\n<\/tbody>\n<\/table>\n","protected":false},"featured_media":2223,"comment_status":"open","ping_status":"closed","template":"","meta":[],"product_brand":[],"product_cat":[91,824],"product_tag":[820,232,152,151,23,25,136,86,16,253,161,143,142,157,122,234,116,235,62,148,149,140,141,233,154],"class_list":{"0":"post-2220","1":"product","2":"type-product","3":"status-publish","4":"has-post-thumbnail","6":"product_cat-pierres-catalogue","7":"product_cat-ambre-pierres-catalogue","8":"product_tag-ambre-jaune","9":"product_tag-ame","10":"product_tag-amour","11":"product_tag-bonheur","12":"product_tag-boucles-doreilles","13":"product_tag-bracelet","14":"product_tag-chakra","15":"product_tag-coeur","16":"product_tag-collier","17":"product_tag-confiance-en-soi","18":"product_tag-couronne","19":"product_tag-energie","20":"product_tag-gorge","21":"product_tag-lacher-prise","22":"product_tag-mate","23":"product_tag-mental","24":"product_tag-perles","25":"product_tag-physique","26":"product_tag-pierres","27":"product_tag-plexus-solaire","28":"product_tag-protection","29":"product_tag-racine","30":"product_tag-sacre","31":"product_tag-spirituel","32":"product_tag-stress","34":"first","35":"instock","36":"shipping-taxable","37":"purchasable","38":"product-type-variable"},"yoast_head":"<!-- This site is optimized with the Yoast SEO plugin v27.5 - https:\/\/yoast.com\/product\/yoast-seo-wordpress\/ -->\n<title>Les cr\u00e9ations de C\u00e9line Inmyworld - Ambre jaune - Force - Prosp\u00e9rit\u00e9<\/title>\n<meta name=\"description\" content=\"Bon pour l&#039;estomac, la rate, la v\u00e9sicule, le foie, les articulations, la peau, les muqueuses, les glandes et l&#039;intestin, facilite la...\" \/>\n<meta name=\"robots\" content=\"index, follow, max-snippet:-1, max-image-preview:large, max-video-preview:-1\" \/>\n<link rel=\"canonical\" href=\"https:\/\/lescreationsde.celineinmyworldmedium.com\/index.php\/produit\/ambre-jaune\/\" \/>\n<meta property=\"og:locale\" content=\"fr_FR\" \/>\n<meta property=\"og:type\" content=\"article\" \/>\n<meta property=\"og:title\" content=\"Les cr\u00e9ations de C\u00e9line Inmyworld - Ambre jaune - Force - Prosp\u00e9rit\u00e9\" \/>\n<meta property=\"og:description\" content=\"Bon pour l&#039;estomac, la rate, la v\u00e9sicule, le foie, les articulations, la peau, les muqueuses, les glandes et l&#039;intestin, facilite la...\" \/>\n<meta property=\"og:url\" content=\"https:\/\/lescreationsde.celineinmyworldmedium.com\/index.php\/produit\/ambre-jaune\/\" \/>\n<meta property=\"og:site_name\" content=\"Les cr\u00e9ations de C\u00e9line Inmyworld\" \/>\n<meta property=\"article:modified_time\" content=\"2024-10-11T18:19:56+00:00\" \/>\n<meta property=\"og:image\" content=\"https:\/\/lescreationsde.celineinmyworldmedium.com\/wp-content\/uploads\/2021\/06\/Ambre_jaune.jpg\" \/>\n\t<meta property=\"og:image:width\" content=\"1080\" \/>\n\t<meta property=\"og:image:height\" content=\"957\" \/>\n\t<meta property=\"og:image:type\" content=\"image\/jpeg\" \/>\n<meta name=\"twitter:card\" content=\"summary_large_image\" \/>\n<meta name=\"twitter:label1\" content=\"Dur\u00e9e de lecture estim\u00e9e\" \/>\n\t<meta name=\"twitter:data1\" content=\"1 minute\" \/>\n<script type=\"application\/ld+json\" class=\"yoast-schema-graph\">{\"@context\":\"https:\\\/\\\/schema.org\",\"@graph\":[{\"@type\":\"WebPage\",\"@id\":\"https:\\\/\\\/lescreationsde.celineinmyworldmedium.com\\\/index.php\\\/produit\\\/ambre-jaune\\\/\",\"url\":\"https:\\\/\\\/lescreationsde.celineinmyworldmedium.com\\\/index.php\\\/produit\\\/ambre-jaune\\\/\",\"name\":\"Les cr\u00e9ations de C\u00e9line Inmyworld - Ambre jaune - Force - Prosp\u00e9rit\u00e9\",\"isPartOf\":{\"@id\":\"https:\\\/\\\/lescreationsde.celineinmyworldmedium.com\\\/#website\"},\"primaryImageOfPage\":{\"@id\":\"https:\\\/\\\/lescreationsde.celineinmyworldmedium.com\\\/index.php\\\/produit\\\/ambre-jaune\\\/#primaryimage\"},\"image\":{\"@id\":\"https:\\\/\\\/lescreationsde.celineinmyworldmedium.com\\\/index.php\\\/produit\\\/ambre-jaune\\\/#primaryimage\"},\"thumbnailUrl\":\"https:\\\/\\\/lescreationsde.celineinmyworldmedium.com\\\/wp-content\\\/uploads\\\/2021\\\/06\\\/Ambre_jaune.jpg\",\"datePublished\":\"2021-06-20T16:42:47+00:00\",\"dateModified\":\"2024-10-11T18:19:56+00:00\",\"description\":\"Bon pour l'estomac, la rate, la v\u00e9sicule, le foie, les articulations, la peau, les muqueuses, les glandes et l'intestin, facilite la...\",\"breadcrumb\":{\"@id\":\"https:\\\/\\\/lescreationsde.celineinmyworldmedium.com\\\/index.php\\\/produit\\\/ambre-jaune\\\/#breadcrumb\"},\"inLanguage\":\"fr-FR\",\"potentialAction\":[{\"@type\":\"ReadAction\",\"target\":[\"https:\\\/\\\/lescreationsde.celineinmyworldmedium.com\\\/index.php\\\/produit\\\/ambre-jaune\\\/\"]}]},{\"@type\":\"ImageObject\",\"inLanguage\":\"fr-FR\",\"@id\":\"https:\\\/\\\/lescreationsde.celineinmyworldmedium.com\\\/index.php\\\/produit\\\/ambre-jaune\\\/#primaryimage\",\"url\":\"https:\\\/\\\/lescreationsde.celineinmyworldmedium.com\\\/wp-content\\\/uploads\\\/2021\\\/06\\\/Ambre_jaune.jpg\",\"contentUrl\":\"https:\\\/\\\/lescreationsde.celineinmyworldmedium.com\\\/wp-content\\\/uploads\\\/2021\\\/06\\\/Ambre_jaune.jpg\",\"width\":1080,\"height\":957,\"caption\":\"Ambre jaune\"},{\"@type\":\"BreadcrumbList\",\"@id\":\"https:\\\/\\\/lescreationsde.celineinmyworldmedium.com\\\/index.php\\\/produit\\\/ambre-jaune\\\/#breadcrumb\",\"itemListElement\":[{\"@type\":\"ListItem\",\"position\":1,\"name\":\"Accueil\",\"item\":\"https:\\\/\\\/lescreationsde.celineinmyworldmedium.com\\\/\"},{\"@type\":\"ListItem\",\"position\":2,\"name\":\"Produits\",\"item\":\"https:\\\/\\\/lescreationsde.celineinmyworldmedium.com\\\/index.php\\\/boutique\\\/\"},{\"@type\":\"ListItem\",\"position\":3,\"name\":\"Ambre jaune\"}]},{\"@type\":\"WebSite\",\"@id\":\"https:\\\/\\\/lescreationsde.celineinmyworldmedium.com\\\/#website\",\"url\":\"https:\\\/\\\/lescreationsde.celineinmyworldmedium.com\\\/\",\"name\":\"Les cr\u00e9ations de C\u00e9line Inmyworld\",\"description\":\"Cr\u00e9ation de bijoux personnalis\u00e9s, sur-mesure, en pierres semi-pr\u00e9cieuses de qualit\u00e9. Bracelets, boucles d&#039;oreilles, colliers, sautoirs, malas, cha\u00eenes de cheville, bagues...\u2764\",\"publisher\":{\"@id\":\"https:\\\/\\\/lescreationsde.celineinmyworldmedium.com\\\/#organization\"},\"potentialAction\":[{\"@type\":\"SearchAction\",\"target\":{\"@type\":\"EntryPoint\",\"urlTemplate\":\"https:\\\/\\\/lescreationsde.celineinmyworldmedium.com\\\/?s={search_term_string}\"},\"query-input\":{\"@type\":\"PropertyValueSpecification\",\"valueRequired\":true,\"valueName\":\"search_term_string\"}}],\"inLanguage\":\"fr-FR\"},{\"@type\":\"Organization\",\"@id\":\"https:\\\/\\\/lescreationsde.celineinmyworldmedium.com\\\/#organization\",\"name\":\"Les cr\u00e9ations de C\u00e9line Inmyworld\",\"url\":\"https:\\\/\\\/lescreationsde.celineinmyworldmedium.com\\\/\",\"logo\":{\"@type\":\"ImageObject\",\"inLanguage\":\"fr-FR\",\"@id\":\"https:\\\/\\\/lescreationsde.celineinmyworldmedium.com\\\/#\\\/schema\\\/logo\\\/image\\\/\",\"url\":\"https:\\\/\\\/lescreationsde.celineinmyworldmedium.com\\\/wp-content\\\/uploads\\\/2021\\\/03\\\/logo_creations3.png\",\"contentUrl\":\"https:\\\/\\\/lescreationsde.celineinmyworldmedium.com\\\/wp-content\\\/uploads\\\/2021\\\/03\\\/logo_creations3.png\",\"width\":613,\"height\":190,\"caption\":\"Les cr\u00e9ations de C\u00e9line Inmyworld\"},\"image\":{\"@id\":\"https:\\\/\\\/lescreationsde.celineinmyworldmedium.com\\\/#\\\/schema\\\/logo\\\/image\\\/\"}}]}<\/script>\n<!-- \/ Yoast SEO plugin. -->","yoast_head_json":{"title":"Les cr\u00e9ations de C\u00e9line Inmyworld - Ambre jaune - Force - Prosp\u00e9rit\u00e9","description":"Bon pour l'estomac, la rate, la v\u00e9sicule, le foie, les articulations, la peau, les muqueuses, les glandes et l'intestin, facilite la...","robots":{"index":"index","follow":"follow","max-snippet":"max-snippet:-1","max-image-preview":"max-image-preview:large","max-video-preview":"max-video-preview:-1"},"canonical":"https:\/\/lescreationsde.celineinmyworldmedium.com\/index.php\/produit\/ambre-jaune\/","og_locale":"fr_FR","og_type":"article","og_title":"Les cr\u00e9ations de C\u00e9line Inmyworld - Ambre jaune - Force - Prosp\u00e9rit\u00e9","og_description":"Bon pour l'estomac, la rate, la v\u00e9sicule, le foie, les articulations, la peau, les muqueuses, les glandes et l'intestin, facilite la...","og_url":"https:\/\/lescreationsde.celineinmyworldmedium.com\/index.php\/produit\/ambre-jaune\/","og_site_name":"Les cr\u00e9ations de C\u00e9line Inmyworld","article_modified_time":"2024-10-11T18:19:56+00:00","og_image":[{"width":1080,"height":957,"url":"https:\/\/lescreationsde.celineinmyworldmedium.com\/wp-content\/uploads\/2021\/06\/Ambre_jaune.jpg","type":"image\/jpeg"}],"twitter_card":"summary_large_image","twitter_misc":{"Dur\u00e9e de lecture estim\u00e9e":"1 minute"},"schema":{"@context":"https:\/\/schema.org","@graph":[{"@type":"WebPage","@id":"https:\/\/lescreationsde.celineinmyworldmedium.com\/index.php\/produit\/ambre-jaune\/","url":"https:\/\/lescreationsde.celineinmyworldmedium.com\/index.php\/produit\/ambre-jaune\/","name":"Les cr\u00e9ations de C\u00e9line Inmyworld - Ambre jaune - Force - Prosp\u00e9rit\u00e9","isPartOf":{"@id":"https:\/\/lescreationsde.celineinmyworldmedium.com\/#website"},"primaryImageOfPage":{"@id":"https:\/\/lescreationsde.celineinmyworldmedium.com\/index.php\/produit\/ambre-jaune\/#primaryimage"},"image":{"@id":"https:\/\/lescreationsde.celineinmyworldmedium.com\/index.php\/produit\/ambre-jaune\/#primaryimage"},"thumbnailUrl":"https:\/\/lescreationsde.celineinmyworldmedium.com\/wp-content\/uploads\/2021\/06\/Ambre_jaune.jpg","datePublished":"2021-06-20T16:42:47+00:00","dateModified":"2024-10-11T18:19:56+00:00","description":"Bon pour l'estomac, la rate, la v\u00e9sicule, le foie, les articulations, la peau, les muqueuses, les glandes et l'intestin, facilite la...","breadcrumb":{"@id":"https:\/\/lescreationsde.celineinmyworldmedium.com\/index.php\/produit\/ambre-jaune\/#breadcrumb"},"inLanguage":"fr-FR","potentialAction":[{"@type":"ReadAction","target":["https:\/\/lescreationsde.celineinmyworldmedium.com\/index.php\/produit\/ambre-jaune\/"]}]},{"@type":"ImageObject","inLanguage":"fr-FR","@id":"https:\/\/lescreationsde.celineinmyworldmedium.com\/index.php\/produit\/ambre-jaune\/#primaryimage","url":"https:\/\/lescreationsde.celineinmyworldmedium.com\/wp-content\/uploads\/2021\/06\/Ambre_jaune.jpg","contentUrl":"https:\/\/lescreationsde.celineinmyworldmedium.com\/wp-content\/uploads\/2021\/06\/Ambre_jaune.jpg","width":1080,"height":957,"caption":"Ambre jaune"},{"@type":"BreadcrumbList","@id":"https:\/\/lescreationsde.celineinmyworldmedium.com\/index.php\/produit\/ambre-jaune\/#breadcrumb","itemListElement":[{"@type":"ListItem","position":1,"name":"Accueil","item":"https:\/\/lescreationsde.celineinmyworldmedium.com\/"},{"@type":"ListItem","position":2,"name":"Produits","item":"https:\/\/lescreationsde.celineinmyworldmedium.com\/index.php\/boutique\/"},{"@type":"ListItem","position":3,"name":"Ambre jaune"}]},{"@type":"WebSite","@id":"https:\/\/lescreationsde.celineinmyworldmedium.com\/#website","url":"https:\/\/lescreationsde.celineinmyworldmedium.com\/","name":"Les cr\u00e9ations de C\u00e9line Inmyworld","description":"Cr\u00e9ation de bijoux personnalis\u00e9s, sur-mesure, en pierres semi-pr\u00e9cieuses de qualit\u00e9. Bracelets, boucles d&#039;oreilles, colliers, sautoirs, malas, cha\u00eenes de cheville, bagues...\u2764","publisher":{"@id":"https:\/\/lescreationsde.celineinmyworldmedium.com\/#organization"},"potentialAction":[{"@type":"SearchAction","target":{"@type":"EntryPoint","urlTemplate":"https:\/\/lescreationsde.celineinmyworldmedium.com\/?s={search_term_string}"},"query-input":{"@type":"PropertyValueSpecification","valueRequired":true,"valueName":"search_term_string"}}],"inLanguage":"fr-FR"},{"@type":"Organization","@id":"https:\/\/lescreationsde.celineinmyworldmedium.com\/#organization","name":"Les cr\u00e9ations de C\u00e9line Inmyworld","url":"https:\/\/lescreationsde.celineinmyworldmedium.com\/","logo":{"@type":"ImageObject","inLanguage":"fr-FR","@id":"https:\/\/lescreationsde.celineinmyworldmedium.com\/#\/schema\/logo\/image\/","url":"https:\/\/lescreationsde.celineinmyworldmedium.com\/wp-content\/uploads\/2021\/03\/logo_creations3.png","contentUrl":"https:\/\/lescreationsde.celineinmyworldmedium.com\/wp-content\/uploads\/2021\/03\/logo_creations3.png","width":613,"height":190,"caption":"Les cr\u00e9ations de C\u00e9line Inmyworld"},"image":{"@id":"https:\/\/lescreationsde.celineinmyworldmedium.com\/#\/schema\/logo\/image\/"}}]}},"jetpack_sharing_enabled":true,"_links":{"self":[{"href":"https:\/\/lescreationsde.celineinmyworldmedium.com\/index.php\/wp-json\/wp\/v2\/product\/2220","targetHints":{"allow":["GET"]}}],"collection":[{"href":"https:\/\/lescreationsde.celineinmyworldmedium.com\/index.php\/wp-json\/wp\/v2\/product"}],"about":[{"href":"https:\/\/lescreationsde.celineinmyworldmedium.com\/index.php\/wp-json\/wp\/v2\/types\/product"}],"replies":[{"embeddable":true,"href":"https:\/\/lescreationsde.celineinmyworldmedium.com\/index.php\/wp-json\/wp\/v2\/comments?post=2220"}],"wp:featuredmedia":[{"embeddable":true,"href":"https:\/\/lescreationsde.celineinmyworldmedium.com\/index.php\/wp-json\/wp\/v2\/media\/2223"}],"wp:attachment":[{"href":"https:\/\/lescreationsde.celineinmyworldmedium.com\/index.php\/wp-json\/wp\/v2\/media?parent=2220"}],"wp:term":[{"taxonomy":"product_brand","embeddable":true,"href":"https:\/\/lescreationsde.celineinmyworldmedium.com\/index.php\/wp-json\/wp\/v2\/product_brand?post=2220"},{"taxonomy":"product_cat","embeddable":true,"href":"https:\/\/lescreationsde.celineinmyworldmedium.com\/index.php\/wp-json\/wp\/v2\/product_cat?post=2220"},{"taxonomy":"product_tag","embeddable":true,"href":"https:\/\/lescreationsde.celineinmyworldmedium.com\/index.php\/wp-json\/wp\/v2\/product_tag?post=2220"}],"curies":[{"name":"wp","href":"https:\/\/api.w.org\/{rel}","templated":true}]}}