{"id":238,"date":"2020-11-04T14:27:57","date_gmt":"2020-11-04T13:27:57","guid":{"rendered":"https:\/\/lescreationsde.celineinmyworldmedium.com\/?page_id=238"},"modified":"2021-09-30T11:01:13","modified_gmt":"2021-09-30T09:01:13","slug":"conditions-generales-de-vente-cgv","status":"publish","type":"page","link":"https:\/\/lescreationsde.celineinmyworldmedium.com\/index.php\/conditions-generales-de-vente-cgv\/","title":{"rendered":"Conditions g\u00e9n\u00e9rales de vente (CGV)"},"content":{"rendered":"\n<p><strong>1 \u2013 PRIX<\/strong><br>Les prix de nos produits sont indiqu\u00e9s en Euros, toutes taxes comprises et hors participation aux frais de traitement et d\u2019exp\u00e9dition.<br>En cas de livraison vers un pays autre que la France m\u00e9tropolitaine le destinataire de la commande sera consid\u00e9r\u00e9 comme l\u2019importateur du ou des produits concern\u00e9s. Pour tous les produits exp\u00e9di\u00e9s hors Union Europ\u00e9enne et DOM-TOM, le prix sera automatiquement calcul\u00e9 hors taxes sur la facture. Des droits de douane ou autres taxes locales ou droits d\u2019importation ou taxes d\u2019\u00c9tat seront susceptibles d\u2019\u00eatre exigibles. Ces droits et sommes ne seront pas du ressort de LES CREATIONS DE CELINE INMYWORLD. Ils resteront \u00e0 la charge du destinataire et rel\u00e8veront de son enti\u00e8re responsabilit\u00e9 tant en termes de d\u00e9clarations que de paiements aux autorit\u00e9s et\/ou organismes comp\u00e9tents du pays concern\u00e9. Dans ce cas, nous conseillons au destinataire de se renseigner sur ces aspects aupr\u00e8s des autorit\u00e9s locales comp\u00e9tentes.<br>Toutes les commandes, quelle que soit leur origine, sont payables en Euros. LES CREATIONS DE CELINE INMYWORLD se r\u00e9serve le droit de modifier ses prix \u00e0 tout moment, mais les produits seront factur\u00e9s sur la base des tarifs en vigueur au moment de l\u2019enregistrement des commandes (sous r\u00e9serve de disponibilit\u00e9).<br>Les produits demeurent la propri\u00e9t\u00e9 de LES CREATIONS DE CELINE INMYWORLD jusqu\u2019au complet paiement du prix.<\/p>\n\n\n\n<p><strong>2 \u2013 COMMANDE<\/strong><br>Sur Internet : <strong>lescreationsde.celineinmyworldmedium.com<\/strong><br>Les informations contractuelles sont pr\u00e9sent\u00e9es en langue fran\u00e7aise et feront l\u2019objet d\u2019une confirmation reprenant ces informations contractuelles au plus tard au moment de la livraison.<br>Vous avez la possibilit\u00e9 d\u2019annuler une commande, en t\u00e9l\u00e9phonant \u00e0 notre service client.<\/p>\n\n\n\n<p><strong>3 &#8211; PRODUITS<\/strong><br>La boutique LES CREATIONS DE CELINE INMYWORLD pr\u00e9sente sur son site web les produits \u00e0 vendre avec les caract\u00e9ristiques n\u00e9cessaires qui permettent de respecter l&rsquo;article L 111-1 du Code de la consommation, qui pr\u00e9voit la possibilit\u00e9 pour le consommateur potentiel de conna\u00eetre avant la prise de commande d\u00e9finitive les caract\u00e9ristiques essentielles des produits qu&rsquo;il souhaite acheter. Les renseignements port\u00e9s sur la boutique et le catalogue, ne sont donn\u00e9s qu&rsquo;\u00e0 titre indicatif et n&rsquo;engagent pas la cr\u00e9atrice et vendeuse. Sauf sp\u00e9cification contraire, les produits commercialis\u00e9s (bijoux) par la cr\u00e9atrice et vendeuse sont cr\u00e9\u00e9s et sont vendus en l&rsquo;\u00e9tat suivant les pierres semi-pr\u00e9cieuses identiques dont l&rsquo;aspect varie \u00e0 l&rsquo;infini. Les photos fournies sont donc non contractuelles.<\/p>\n\n\n\n<p><strong>4 \u2013 VALIDATION<\/strong><br>En cliquant sur le bouton \u2013 <strong>confirmer<\/strong> \u2013 apr\u00e8s le processus de commande, l\u2019acheteur d\u00e9clare accepter pleinement et sans r\u00e9serve cette commande ainsi que l\u2019int\u00e9gralit\u00e9 des pr\u00e9sentes Conditions G\u00e9n\u00e9rales de Vente.<br>Les donn\u00e9es enregistr\u00e9es par LES CREATIONS DE CELINE INMYWORLD constituent la preuve de l\u2019ensemble des transactions pass\u00e9es entre LES CREATIONS DE CELINE INMYWORLD et ses clients.<br>LES CREATIONS DE CELINE INMYWORLD vous confirmera syst\u00e9matiquement votre commande puis son exp\u00e9dition par e-mail.<\/p>\n\n\n\n<p><strong>5 \u2013 DISPONIBILIT\u00c9<\/strong><br>En cas d\u2019indisponibilit\u00e9 de produit apr\u00e8s passation de votre commande, l\u2019acheteur sera inform\u00e9 par e-mail des articles en rupture. L\u2019acheteur aura alors 48 heures ouvr\u00e9es (hors week-end et jours f\u00e9ri\u00e9s) pour demander l\u2019annulation ou l\u2019\u00e9change de votre commande en contactant notre service client :<br>Par e-mail \u00e0 <a href=\"mailto:contact@accroplatre.fr\"><strong>celineinmyword.medium@gmail.com<\/strong><\/a>.<br>Pass\u00e9 ce d\u00e9lai de 48 heures ouvr\u00e9s et si aucune demande n\u2019\u00e9tait constat\u00e9e de votre part, votre commande vous sera alors envoy\u00e9e avec les articles disponibles, et le solde ult\u00e9rieurement.<\/p>\n\n\n\n<p><strong>6 \u2013 LIVRAISON<\/strong><br>Les produits seront envoy\u00e9s \u00e0 l\u2019adresse de livraison que l\u2019acheteur a indiqu\u00e9e au cours du processus de commande par lettre suivie.<br>La participation aux frais de port s\u2019entend TTC.<br>Les frais de port sont de 2.39 euros entre 21g et 100g, de 4.33 euros entre 101g et 250g, de 6.27 euros entre 251g et 500g.<\/p>\n\n\n\n<p>Toutes nos exp\u00e9ditions sont confirm\u00e9es par e-mail et envoy\u00e9s \u00e0 r\u00e9ception du r\u00e8glement.<br>Pour les envois hors Union Europ\u00e9enne, d\u2019\u00e9ventuelles taxes (TVA locale, douani\u00e8re ou d\u2019importation) pourront \u00eatre factur\u00e9es \u00e0 l\u2019arriv\u00e9e du colis \u00e0 destination et resteront \u00e0 la charge du destinataire.<br>Les d\u00e9lais indiqu\u00e9s sont des d\u00e9lais moyens et correspondent aux d\u00e9lais de traitement et de livraison.<br>Les d\u00e9lais varient selon la destination et ne comprennent pas les jours f\u00e9ri\u00e9s ainsi que les week-ends.<\/p>\n\n\n\n<p><strong>7 \u2013 PAIEMENT<\/strong><br>Le r\u00e8glement des achats s\u2019effectue par ch\u00e8que, virement bancaire, paypal ou esp\u00e8ces.<\/p>\n\n\n\n<p><strong>8 \u2013 FACTURE<\/strong><br>La facture sera envoy\u00e9e par e-mail, 48 heures au plus apr\u00e8s l\u2019e-mail d\u2019information indiquant que votre commande est en cours d\u2019exp\u00e9dition.<\/p>\n\n\n\n<p><strong>9 \u2013 \u00c9CHANGE OU AVOIR<\/strong><br>a \u2013 L\u2019acheteur dispose d\u2019un d\u00e9lai de 7 jours \u00e0 compter de la livraison de la commande (conform\u00e9ment aux lois issues du code de la consommation Art L 121-16) pour retourner tout produit qui ne conviendrait pas.<\/p>\n\n\n\n<p>b \u2013 L\u2019acheteur peut, soit \u00e9changer le produit soit se faire \u00e9tablir un avoir du montant correspondant, valable deux mois \u00e0 compter de sa date d\u2019\u00e9mission.<br>Ce droit s\u2019applique aux produits d\u00e9fectueux ou non conformes \u00e0 sa commande. En revanche, nous ne pourrons reprendre :<br>\u2013 les articles retourn\u00e9s incomplets, ab\u00eem\u00e9s, endommag\u00e9s ou salis par le client,<br>\u2013 les articles non remis intacts avec leurs \u00e9tiquettes dans leur emballage d\u2019origine (si pr\u00e9sent),<br>\u2013 les colis pour lesquels aucun \u00e9l\u00e9ment joint ne permet d\u2019identifier l\u2019exp\u00e9diteur (n\u00a1 commande, nom, pr\u00e9nom, adresse), \u00e9l\u00e9ments qui sont inscrits sur le formulaire de retour.<br>Les frais de retour seront \u00e0 la charge de l\u2019exp\u00e9diteur qui devra envoyer les produits \u00e0 l\u2019adresse suivante :<\/p>\n\n\n\n<p class=\"has-text-align-left\"><strong>LES CREATIONS DE CELINE INMYWORLD<br>185, Chemin du Jas de la Barre n\u00b01<br>83550 VIDAUBAN<\/strong><\/p>\n\n\n\n<p>Le retour des produits donnera lieu \u00e0 un avoir, \u00e9gal au prix d\u2019achat du ou des produit(s) achet\u00e9s. L\u2019avoir ne comprend donc pas les frais \u00e9ventuels de livraison et\/ou de paquet cadeau.<br>D\u00e8s le traitement de votre retour, nous vous enverrons un e-mail vous informant du montant de votre avoir.<br>Si vous effectuez un achat dans les 15 jours suivant l\u2019envoi de notre e-mail, nous consid\u00e9rerons que vous \u00e9changez le(s) produit(s) retourn\u00e9s. Nous d\u00e9duirons alors automatiquement le montant de l\u2019avoir de votre nouvelle commande.<br>Si vous souhaitez \u00eatre rembours\u00e9(e) envoyez nous un email et nous vous ferons parvenir un ch\u00e8que du montant de l\u2019avoir.<br>Aucun envoi retour en contre-remboursement ne sera accept\u00e9, quelqu\u2019en soit le motif.<\/p>\n\n\n\n<p><strong>10 \u2013 SERVICE CLIENTELE<\/strong><br>Pour toute information ou question, notre service client est \u00e0 votre disposition :<br>Par e-mail \u00e0 : <a href=\"mailto:contact@accroplatre.fr\"><strong>celineinmyword.medium@gmail.com<\/strong><\/a><\/p>\n\n\n\n<p><strong>11 \u2013 PROPRIET\u00c9 INTELLECTUELLE<\/strong><br>Tous les textes, commentaires, ouvrages, illustrations et images reproduits sur le site LESCREATIONSDE.CELINEINMYWORLDMEDIUM.COM sont r\u00e9serv\u00e9s au titre du droit d\u2019auteur ainsi qu\u2019au titre de la propri\u00e9t\u00e9 intellectuelle et pour le monde entier. A ce titre et conform\u00e9ment aux dispositions du Code de la Propri\u00e9t\u00e9 Intellectuelle, seule l\u2019utilisation pour un usage priv\u00e9 sous r\u00e9serve de dispositions diff\u00e9rentes voire plus restrictives du code de la propri\u00e9t\u00e9 intellectuelle. Toute autre utilisation est constitutive de contrefa\u00e7on et sanctionn\u00e9e au titre de la Propri\u00e9t\u00e9 Intellectuelle sauf autorisation pr\u00e9alable de LES CREATIONS DE CELINE INMYWORLD. Toute reproduction totale ou partielle du catalogue de LES CREATIONS DE CELINE INMYWORLD est strictement interdite.<\/p>\n\n\n\n<p><strong>12 \u2013 RESPONSABILIT\u00c9<\/strong><br>Les produits propos\u00e9s sont conformes \u00e0 la l\u00e9gislation fran\u00e7aise en vigueur. La responsabilit\u00e9 de LES CREATIONS DE CELINE INMYWORLD ne saurait \u00eatre engag\u00e9e en cas de non respect de la l\u00e9gislation du pays o\u00f9 les produits sont livr\u00e9s. Il appartient \u00e0 l\u2019acheteur de v\u00e9rifier aupr\u00e8s des autorit\u00e9s locales les possibilit\u00e9s d\u2019importation ou d\u2019utilisation des produits ou services qu\u2019il envisage de commander.<br> Les photographies et les textes reproduits et illustrant les produits pr\u00e9sent\u00e9s ne sont pas contractuels. En cons\u00e9quence, la responsabilit\u00e9 de LES CREATIONS DE CELINE INMYWORLD ne saurait \u00eatre engag\u00e9e en cas d\u2019erreur dans l\u2019une de ces photographies ou l\u2019un de ces textes.<br> Les bijoux propos\u00e9s ne sauraient remplacer un suivi m\u00e9dical en cours. De la m\u00eame mani\u00e8re, vous ne pouvez interrompre vos traitements m\u00e9dicaux sans l\u2019avis de votre m\u00e9decin traitant. La responsabilit\u00e9 de LES CREATIONS DE CELINE INMYWORLD ne saurait \u00eatre engag\u00e9e en cas de non respect de vos suivis et traitements m\u00e9dicaux.<br> LES CREATIONS DE CELINE INMYWORLD ne saurait \u00eatre tenu pour responsable de l\u2019inex\u00e9cution du contrat conclu en cas de rupture de stock ou indisponibilit\u00e9 du produit, de force majeure, de perturbation ou gr\u00e8ve totale ou partielle notamment des services postaux et moyens de transport et\/ou communications, inondation, incendie.<br> LES CREATIONS DE CELINE INMYWORLD n\u2019encourra aucune responsabilit\u00e9 pour tous dommages indirects du fait des pr\u00e9sentes, perte d\u2019exploitation, perte de profit, perte de chance, dommages ou frais.<\/p>\n\n\n\n<p><strong>13 \u2013 DROIT APPLICABLE \u2013 LITIGES<\/strong><br>Le pr\u00e9sent contrat est soumis \u00e0 la loi fran\u00e7aise.<br>La langue du pr\u00e9sent contrat est la langue fran\u00e7aise.<br>En cas de litige les tribunaux de DRAGUIGNAN sont seuls comp\u00e9tents.<\/p>\n\n\n\n<p><strong>14 \u2013 INFORMATIONS NOMINATIVES<\/strong><br>LES CREATIONS DE CELINE INMYWORLD s\u2019engage \u00e0 ne pas divulguer \u00e0 des tiers les informations communiqu\u00e9es par les acheteurs et les visiteurs sur le site. Celles-ci sont confidentielles. Elles ne seront utilis\u00e9es par ses services internes que pour le traitement de votre commande et que pour renforcer et personnaliser la communication notamment par les lettres e-mails d\u2019information ainsi que dans le cadre de la personnalisation du site en fonction des pr\u00e9f\u00e9rences constat\u00e9es des utilisateurs.<br>Le pr\u00e9sent article ne pourra emp\u00eacher la cession ni le transfert d\u2019activit\u00e9s \u00e0 un tiers. Par cons\u00e9quent, conform\u00e9ment \u00e0 la loi informatique et libert\u00e9s du 6 JANVIER 1978, l\u2019acheteur dispose d\u2019un droit d\u2019acc\u00e8s, de rectification, et d\u2019opposition aux donn\u00e9es personnelles le concernant.<br>Pour cela il suffit de nous en faire la demande par e-mail ou par courrier en nous indiquant votre adresse e-mail, nom, pr\u00e9nom, adresse.<br><strong>Mail: <\/strong><a href=\"mailto:contact@accroplatre.fr\"><strong>celineinmyword.medium@gmail.com<\/strong><\/a><\/p>\n","protected":false},"excerpt":{"rendered":"<p>1 \u2013 PRIXLes prix de nos produits sont indiqu\u00e9s en Euros, toutes taxes comprises et hors participation aux frais de traitement et d\u2019exp\u00e9dition.En cas de livraison vers un pays autre que la France m\u00e9tropolitaine le destinataire de la commande sera consid\u00e9r\u00e9 comme l\u2019importateur du ou des produits concern\u00e9s. Pour tous les produits exp\u00e9di\u00e9s hors Union [&hellip;]<\/p>\n","protected":false},"author":1,"featured_media":0,"parent":0,"menu_order":0,"comment_status":"closed","ping_status":"closed","template":"","meta":{"footnotes":""},"class_list":["post-238","page","type-page","status-publish","hentry"],"yoast_head":"<!-- This site is optimized with the Yoast SEO plugin v27.2 - https:\/\/yoast.com\/product\/yoast-seo-wordpress\/ -->\n<title>Conditions g\u00e9n\u00e9rales de vente (CGV) - Les cr\u00e9ations de C\u00e9line Inmyworld<\/title>\n<meta name=\"robots\" content=\"index, follow, max-snippet:-1, max-image-preview:large, max-video-preview:-1\" \/>\n<link rel=\"canonical\" href=\"https:\/\/lescreationsde.celineinmyworldmedium.com\/index.php\/conditions-generales-de-vente-cgv\/\" \/>\n<meta property=\"og:locale\" content=\"fr_FR\" \/>\n<meta property=\"og:type\" content=\"article\" \/>\n<meta property=\"og:title\" content=\"Conditions g\u00e9n\u00e9rales de vente (CGV) - Les cr\u00e9ations de C\u00e9line Inmyworld\" \/>\n<meta property=\"og:description\" content=\"1 \u2013 PRIXLes prix de nos produits sont indiqu\u00e9s en Euros, toutes taxes comprises et hors participation aux frais de traitement et d\u2019exp\u00e9dition.En cas de livraison vers un pays autre que la France m\u00e9tropolitaine le destinataire de la commande sera consid\u00e9r\u00e9 comme l\u2019importateur du ou des produits concern\u00e9s. Pour tous les produits exp\u00e9di\u00e9s hors Union [&hellip;]\" \/>\n<meta property=\"og:url\" content=\"https:\/\/lescreationsde.celineinmyworldmedium.com\/index.php\/conditions-generales-de-vente-cgv\/\" \/>\n<meta property=\"og:site_name\" content=\"Les cr\u00e9ations de C\u00e9line Inmyworld\" \/>\n<meta property=\"article:modified_time\" content=\"2021-09-30T09:01:13+00:00\" \/>\n<meta name=\"twitter:card\" content=\"summary_large_image\" \/>\n<meta name=\"twitter:label1\" content=\"Dur\u00e9e de lecture estim\u00e9e\" \/>\n\t<meta name=\"twitter:data1\" content=\"7 minutes\" \/>\n<script type=\"application\/ld+json\" class=\"yoast-schema-graph\">{\"@context\":\"https:\/\/schema.org\",\"@graph\":[{\"@type\":\"WebPage\",\"@id\":\"https:\/\/lescreationsde.celineinmyworldmedium.com\/index.php\/conditions-generales-de-vente-cgv\/\",\"url\":\"https:\/\/lescreationsde.celineinmyworldmedium.com\/index.php\/conditions-generales-de-vente-cgv\/\",\"name\":\"Conditions g\u00e9n\u00e9rales de vente (CGV) - Les cr\u00e9ations de C\u00e9line Inmyworld\",\"isPartOf\":{\"@id\":\"https:\/\/lescreationsde.celineinmyworldmedium.com\/#website\"},\"datePublished\":\"2020-11-04T13:27:57+00:00\",\"dateModified\":\"2021-09-30T09:01:13+00:00\",\"breadcrumb\":{\"@id\":\"https:\/\/lescreationsde.celineinmyworldmedium.com\/index.php\/conditions-generales-de-vente-cgv\/#breadcrumb\"},\"inLanguage\":\"fr-FR\",\"potentialAction\":[{\"@type\":\"ReadAction\",\"target\":[\"https:\/\/lescreationsde.celineinmyworldmedium.com\/index.php\/conditions-generales-de-vente-cgv\/\"]}]},{\"@type\":\"BreadcrumbList\",\"@id\":\"https:\/\/lescreationsde.celineinmyworldmedium.com\/index.php\/conditions-generales-de-vente-cgv\/#breadcrumb\",\"itemListElement\":[{\"@type\":\"ListItem\",\"position\":1,\"name\":\"Accueil\",\"item\":\"https:\/\/lescreationsde.celineinmyworldmedium.com\/\"},{\"@type\":\"ListItem\",\"position\":2,\"name\":\"Conditions g\u00e9n\u00e9rales de vente (CGV)\"}]},{\"@type\":\"WebSite\",\"@id\":\"https:\/\/lescreationsde.celineinmyworldmedium.com\/#website\",\"url\":\"https:\/\/lescreationsde.celineinmyworldmedium.com\/\",\"name\":\"Les cr\u00e9ations de C\u00e9line Inmyworld\",\"description\":\"Cr\u00e9ation de bijoux personnalis\u00e9s, sur-mesure, en pierres semi-pr\u00e9cieuses de qualit\u00e9. Bracelets, boucles d&#039;oreilles, colliers, sautoirs, malas, cha\u00eenes de cheville, bagues...\u2764\",\"publisher\":{\"@id\":\"https:\/\/lescreationsde.celineinmyworldmedium.com\/#organization\"},\"potentialAction\":[{\"@type\":\"SearchAction\",\"target\":{\"@type\":\"EntryPoint\",\"urlTemplate\":\"https:\/\/lescreationsde.celineinmyworldmedium.com\/?s={search_term_string}\"},\"query-input\":{\"@type\":\"PropertyValueSpecification\",\"valueRequired\":true,\"valueName\":\"search_term_string\"}}],\"inLanguage\":\"fr-FR\"},{\"@type\":\"Organization\",\"@id\":\"https:\/\/lescreationsde.celineinmyworldmedium.com\/#organization\",\"name\":\"Les cr\u00e9ations de C\u00e9line Inmyworld\",\"url\":\"https:\/\/lescreationsde.celineinmyworldmedium.com\/\",\"logo\":{\"@type\":\"ImageObject\",\"inLanguage\":\"fr-FR\",\"@id\":\"https:\/\/lescreationsde.celineinmyworldmedium.com\/#\/schema\/logo\/image\/\",\"url\":\"https:\/\/lescreationsde.celineinmyworldmedium.com\/wp-content\/uploads\/2021\/03\/logo_creations3.png\",\"contentUrl\":\"https:\/\/lescreationsde.celineinmyworldmedium.com\/wp-content\/uploads\/2021\/03\/logo_creations3.png\",\"width\":613,\"height\":190,\"caption\":\"Les cr\u00e9ations de C\u00e9line Inmyworld\"},\"image\":{\"@id\":\"https:\/\/lescreationsde.celineinmyworldmedium.com\/#\/schema\/logo\/image\/\"}}]}<\/script>\n<!-- \/ Yoast SEO plugin. -->","yoast_head_json":{"title":"Conditions g\u00e9n\u00e9rales de vente (CGV) - Les cr\u00e9ations de C\u00e9line Inmyworld","robots":{"index":"index","follow":"follow","max-snippet":"max-snippet:-1","max-image-preview":"max-image-preview:large","max-video-preview":"max-video-preview:-1"},"canonical":"https:\/\/lescreationsde.celineinmyworldmedium.com\/index.php\/conditions-generales-de-vente-cgv\/","og_locale":"fr_FR","og_type":"article","og_title":"Conditions g\u00e9n\u00e9rales de vente (CGV) - Les cr\u00e9ations de C\u00e9line Inmyworld","og_description":"1 \u2013 PRIXLes prix de nos produits sont indiqu\u00e9s en Euros, toutes taxes comprises et hors participation aux frais de traitement et d\u2019exp\u00e9dition.En cas de livraison vers un pays autre que la France m\u00e9tropolitaine le destinataire de la commande sera consid\u00e9r\u00e9 comme l\u2019importateur du ou des produits concern\u00e9s. Pour tous les produits exp\u00e9di\u00e9s hors Union [&hellip;]","og_url":"https:\/\/lescreationsde.celineinmyworldmedium.com\/index.php\/conditions-generales-de-vente-cgv\/","og_site_name":"Les cr\u00e9ations de C\u00e9line Inmyworld","article_modified_time":"2021-09-30T09:01:13+00:00","twitter_card":"summary_large_image","twitter_misc":{"Dur\u00e9e de lecture estim\u00e9e":"7 minutes"},"schema":{"@context":"https:\/\/schema.org","@graph":[{"@type":"WebPage","@id":"https:\/\/lescreationsde.celineinmyworldmedium.com\/index.php\/conditions-generales-de-vente-cgv\/","url":"https:\/\/lescreationsde.celineinmyworldmedium.com\/index.php\/conditions-generales-de-vente-cgv\/","name":"Conditions g\u00e9n\u00e9rales de vente (CGV) - Les cr\u00e9ations de C\u00e9line Inmyworld","isPartOf":{"@id":"https:\/\/lescreationsde.celineinmyworldmedium.com\/#website"},"datePublished":"2020-11-04T13:27:57+00:00","dateModified":"2021-09-30T09:01:13+00:00","breadcrumb":{"@id":"https:\/\/lescreationsde.celineinmyworldmedium.com\/index.php\/conditions-generales-de-vente-cgv\/#breadcrumb"},"inLanguage":"fr-FR","potentialAction":[{"@type":"ReadAction","target":["https:\/\/lescreationsde.celineinmyworldmedium.com\/index.php\/conditions-generales-de-vente-cgv\/"]}]},{"@type":"BreadcrumbList","@id":"https:\/\/lescreationsde.celineinmyworldmedium.com\/index.php\/conditions-generales-de-vente-cgv\/#breadcrumb","itemListElement":[{"@type":"ListItem","position":1,"name":"Accueil","item":"https:\/\/lescreationsde.celineinmyworldmedium.com\/"},{"@type":"ListItem","position":2,"name":"Conditions g\u00e9n\u00e9rales de vente (CGV)"}]},{"@type":"WebSite","@id":"https:\/\/lescreationsde.celineinmyworldmedium.com\/#website","url":"https:\/\/lescreationsde.celineinmyworldmedium.com\/","name":"Les cr\u00e9ations de C\u00e9line Inmyworld","description":"Cr\u00e9ation de bijoux personnalis\u00e9s, sur-mesure, en pierres semi-pr\u00e9cieuses de qualit\u00e9. Bracelets, boucles d&#039;oreilles, colliers, sautoirs, malas, cha\u00eenes de cheville, bagues...\u2764","publisher":{"@id":"https:\/\/lescreationsde.celineinmyworldmedium.com\/#organization"},"potentialAction":[{"@type":"SearchAction","target":{"@type":"EntryPoint","urlTemplate":"https:\/\/lescreationsde.celineinmyworldmedium.com\/?s={search_term_string}"},"query-input":{"@type":"PropertyValueSpecification","valueRequired":true,"valueName":"search_term_string"}}],"inLanguage":"fr-FR"},{"@type":"Organization","@id":"https:\/\/lescreationsde.celineinmyworldmedium.com\/#organization","name":"Les cr\u00e9ations de C\u00e9line Inmyworld","url":"https:\/\/lescreationsde.celineinmyworldmedium.com\/","logo":{"@type":"ImageObject","inLanguage":"fr-FR","@id":"https:\/\/lescreationsde.celineinmyworldmedium.com\/#\/schema\/logo\/image\/","url":"https:\/\/lescreationsde.celineinmyworldmedium.com\/wp-content\/uploads\/2021\/03\/logo_creations3.png","contentUrl":"https:\/\/lescreationsde.celineinmyworldmedium.com\/wp-content\/uploads\/2021\/03\/logo_creations3.png","width":613,"height":190,"caption":"Les cr\u00e9ations de C\u00e9line Inmyworld"},"image":{"@id":"https:\/\/lescreationsde.celineinmyworldmedium.com\/#\/schema\/logo\/image\/"}}]}},"jetpack_sharing_enabled":true,"_links":{"self":[{"href":"https:\/\/lescreationsde.celineinmyworldmedium.com\/index.php\/wp-json\/wp\/v2\/pages\/238","targetHints":{"allow":["GET"]}}],"collection":[{"href":"https:\/\/lescreationsde.celineinmyworldmedium.com\/index.php\/wp-json\/wp\/v2\/pages"}],"about":[{"href":"https:\/\/lescreationsde.celineinmyworldmedium.com\/index.php\/wp-json\/wp\/v2\/types\/page"}],"author":[{"embeddable":true,"href":"https:\/\/lescreationsde.celineinmyworldmedium.com\/index.php\/wp-json\/wp\/v2\/users\/1"}],"replies":[{"embeddable":true,"href":"https:\/\/lescreationsde.celineinmyworldmedium.com\/index.php\/wp-json\/wp\/v2\/comments?post=238"}],"version-history":[{"count":4,"href":"https:\/\/lescreationsde.celineinmyworldmedium.com\/index.php\/wp-json\/wp\/v2\/pages\/238\/revisions"}],"predecessor-version":[{"id":2863,"href":"https:\/\/lescreationsde.celineinmyworldmedium.com\/index.php\/wp-json\/wp\/v2\/pages\/238\/revisions\/2863"}],"wp:attachment":[{"href":"https:\/\/lescreationsde.celineinmyworldmedium.com\/index.php\/wp-json\/wp\/v2\/media?parent=238"}],"curies":[{"name":"wp","href":"https:\/\/api.w.org\/{rel}","templated":true}]}}